{"id":22507,"date":"2025-10-30T09:43:12","date_gmt":"2025-10-30T12:43:12","guid":{"rendered":"https:\/\/visitavina.munivina.cl\/?post_type=mec-events&#038;p=22507"},"modified":"2025-10-30T09:43:12","modified_gmt":"2025-10-30T12:43:12","slug":"exposicion-el-estado-de-las-cosas","status":"publish","type":"mec-events","link":"https:\/\/visitavina.munivina.cl\/br\/actividad\/exposicion-el-estado-de-las-cosas\/","title":{"rendered":"Exposici\u00f3n | El Estado de las Cosas"},"content":{"rendered":"<p><span data-sheets-root=\"1\">El Estado de las Cosas de la Escuela de Bellas Artes de Vi\u00f1a del Mar re\u00fane trabajos y procesos desarrollados por estudiantes de la Escuela de Bellas Artes durante 2024 y 2025.<br \/>\nLa muestra ofrece una mirada amplia y honesta sobre la producci\u00f3n art\u00edstica actual, destacando tanto las obras terminadas como los procesos, las b\u00fasquedas y las exploraciones formales, t\u00e9cnicas y conceptuales que las sostienen.<br \/>\nBajo la curadur\u00eda de Carlos Silva, Gerardo Saavedra, \u00c1lvaro Oyarz\u00fan y Renato \u00d3rdenes, la exposici\u00f3n propone pensar colectivamente el presente de la Escuela y su pr\u00e1ctica art\u00edstica en transformaci\u00f3n.<br \/>\nInvita a abrir una conversaci\u00f3n sobre el arte contempor\u00e1neo, sus modos de ense\u00f1anza y las sensibilidades que lo atraviesan.<br \/>\nMediaciones en \u201cEl Estado de las Cosas\u201d<br \/>\nCada sesi\u00f3n combina reflexi\u00f3n te\u00f3rica y recorrido por las obras, invitando al p\u00fablico a conocer distintas miradas sobre la muestra.<br \/>\nMartes 28 de octubre | \u00c1lvaro Oyarz\u00fan | 15:00 a 16:30 horas<br \/>\nJueves 30 de octubre | Renato \u00d3rdenes | 15:00 a 16:30 horas<br \/>\nMartes 4 de noviembre | Gerardo Saavedra | 15:00 a 16:30 horas<br \/>\nMi\u00e9rcoles 5 de noviembre | Carlos Silva | 15:00 a 16:30 horas<\/span><\/p>\n<p>Una oportunidad para aprender, dialogar y ver el arte desde dentro<br \/>\nEntrada franca<\/p>","protected":false},"excerpt":{"rendered":"<p>El Estado de las Cosas de la Escuela de Bellas Artes de Vi\u00f1a del Mar re\u00fane trabajos y procesos desarrollados por estudiantes de la Escuela de Bellas Artes durante 2024 y 2025. La muestra ofrece una mirada amplia y honesta sobre la producci\u00f3n art\u00edstica actual, destacando tanto las obras terminadas como los procesos, las b\u00fasquedas [&hellip;]<\/p>\n","protected":false},"author":10,"featured_media":0,"comment_status":"closed","ping_status":"closed","template":"","tags":[],"mec_category":[],"class_list":["post-22507","mec-events","type-mec-events","status-publish","hentry"],"acf":[],"_links":{"self":[{"href":"https:\/\/visitavina.munivina.cl\/br\/wp-json\/wp\/v2\/mec-events\/22507","targetHints":{"allow":["GET"]}}],"collection":[{"href":"https:\/\/visitavina.munivina.cl\/br\/wp-json\/wp\/v2\/mec-events"}],"about":[{"href":"https:\/\/visitavina.munivina.cl\/br\/wp-json\/wp\/v2\/types\/mec-events"}],"author":[{"embeddable":true,"href":"https:\/\/visitavina.munivina.cl\/br\/wp-json\/wp\/v2\/users\/10"}],"replies":[{"embeddable":true,"href":"https:\/\/visitavina.munivina.cl\/br\/wp-json\/wp\/v2\/comments?post=22507"}],"wp:attachment":[{"href":"https:\/\/visitavina.munivina.cl\/br\/wp-json\/wp\/v2\/media?parent=22507"}],"wp:term":[{"taxonomy":"post_tag","embeddable":true,"href":"https:\/\/visitavina.munivina.cl\/br\/wp-json\/wp\/v2\/tags?post=22507"},{"taxonomy":"mec_category","embeddable":true,"href":"https:\/\/visitavina.munivina.cl\/br\/wp-json\/wp\/v2\/mec_category?post=22507"}],"curies":[{"name":"wp","href":"https:\/\/api.w.org\/{rel}","templated":true}]}}