{"id":22842,"date":"2026-01-02T13:42:47","date_gmt":"2026-01-02T16:42:47","guid":{"rendered":"https:\/\/visitavina.munivina.cl\/?post_type=mec-events&#038;p=22842"},"modified":"2026-01-02T13:42:47","modified_gmt":"2026-01-02T16:42:47","slug":"presentacion-obra-poetica-mireya-guzman-burgos","status":"publish","type":"mec-events","link":"https:\/\/visitavina.munivina.cl\/br\/actividad\/presentacion-obra-poetica-mireya-guzman-burgos\/","title":{"rendered":"Presentaci\u00f3n obra po\u00e9tica\u00a0| Mireya Guzm\u00e1n Burgos"},"content":{"rendered":"<p><span data-sheets-root=\"1\">Adem\u00e1s, es actriz de teatro, cine y doblaje, y modelo de fotograf\u00eda.<br \/>\nLa propia autora espa\u00f1ola destaca: \u201cEscribo desde los 14 a\u00f1os, poes\u00eda y relatos. Me apart\u00e9 de la escritura hace unos a\u00f1os, por circunstancias y volv\u00ed a retomar con fuerza en enero del 2021. Realic\u00e9 el Taller de Escritura de Novela Creativa en 2021 en la escuela Espa\u00f1ola de escritores de Carmen Posadas. La poes\u00eda siempre me ha brotado, escribo todos los d\u00edas y recito mis poemas. A veces recito poemas de otros poetas\u201d<\/span><\/p>\n<p><span data-sheets-root=\"1\">Ingreso por orden de llegada hasta completar el aforo del recinto.<\/span><\/p>","protected":false},"excerpt":{"rendered":"<p>Adem\u00e1s, es actriz de teatro, cine y doblaje, y modelo de fotograf\u00eda. La propia autora espa\u00f1ola destaca: \u201cEscribo desde los 14 a\u00f1os, poes\u00eda y relatos. Me apart\u00e9 de la escritura hace unos a\u00f1os, por circunstancias y volv\u00ed a retomar con fuerza en enero del 2021. Realic\u00e9 el Taller de Escritura de Novela Creativa en 2021 [&hellip;]<\/p>\n","protected":false},"author":2,"featured_media":0,"comment_status":"closed","ping_status":"closed","template":"","tags":[],"mec_category":[],"class_list":["post-22842","mec-events","type-mec-events","status-publish","hentry"],"acf":[],"_links":{"self":[{"href":"https:\/\/visitavina.munivina.cl\/br\/wp-json\/wp\/v2\/mec-events\/22842","targetHints":{"allow":["GET"]}}],"collection":[{"href":"https:\/\/visitavina.munivina.cl\/br\/wp-json\/wp\/v2\/mec-events"}],"about":[{"href":"https:\/\/visitavina.munivina.cl\/br\/wp-json\/wp\/v2\/types\/mec-events"}],"author":[{"embeddable":true,"href":"https:\/\/visitavina.munivina.cl\/br\/wp-json\/wp\/v2\/users\/2"}],"replies":[{"embeddable":true,"href":"https:\/\/visitavina.munivina.cl\/br\/wp-json\/wp\/v2\/comments?post=22842"}],"wp:attachment":[{"href":"https:\/\/visitavina.munivina.cl\/br\/wp-json\/wp\/v2\/media?parent=22842"}],"wp:term":[{"taxonomy":"post_tag","embeddable":true,"href":"https:\/\/visitavina.munivina.cl\/br\/wp-json\/wp\/v2\/tags?post=22842"},{"taxonomy":"mec_category","embeddable":true,"href":"https:\/\/visitavina.munivina.cl\/br\/wp-json\/wp\/v2\/mec_category?post=22842"}],"curies":[{"name":"wp","href":"https:\/\/api.w.org\/{rel}","templated":true}]}}