{"id":23236,"date":"2026-03-02T17:28:03","date_gmt":"2026-03-02T20:28:03","guid":{"rendered":"https:\/\/visitavina.munivina.cl\/?post_type=mec-events&#038;p=23236"},"modified":"2026-03-02T17:28:03","modified_gmt":"2026-03-02T20:28:03","slug":"humor-mauricio-palma-vamos-que-se-puede","status":"publish","type":"mec-events","link":"https:\/\/visitavina.munivina.cl\/br\/actividad\/humor-mauricio-palma-vamos-que-se-puede\/","title":{"rendered":"Humor | Mauricio Palma, Vamos que se puede"},"content":{"rendered":"<p><span data-sheets-root=\"1\">Mauricio Palma, tiene 45 a\u00f1os, es un comediante, guionista y actor chileno que ha conquistado al p\u00fablico con su talento para el humor. Su trayectoria incluye una amplia participaci\u00f3n en programas de televisi\u00f3n como El Club de la Comedia, donde destac\u00f3 con personajes inolvidables como \u201cViolento Parra\u201d, un cantautor ficticio que mezcla cr\u00edtica social con humor ir\u00f3nico y que lo llev\u00f3 hasta el Festival de Vi\u00f1a 2019.<br \/>\nCon m\u00e1s de dos d\u00e9cadas de carrera, Palma se ha consolidado como una figura imprescindible en el stand-up chileno. Su estilo \u00fanico combina observaciones cotidianas con reflexiones pol\u00edticas y sociales, convirti\u00e9ndolo en un referente de la comedia inteligente y contempor\u00e1nea.<\/span><\/p>\n<p><span data-sheets-root=\"1\">Venta de entradas | <a class=\"in-cell-link\" href=\"https:\/\/www.ticketpro.cl\/evento\/4441\/mauricio-palma-vamos-que-se-puede--vina-del-mar\" target=\"_blank\" rel=\"noopener nofollow\">TICKETPRO<\/a><\/span><\/p>","protected":false},"excerpt":{"rendered":"<p>Mauricio Palma, tiene 45 a\u00f1os, es un comediante, guionista y actor chileno que ha conquistado al p\u00fablico con su talento para el humor. Su trayectoria incluye una amplia participaci\u00f3n en programas de televisi\u00f3n como El Club de la Comedia, donde destac\u00f3 con personajes inolvidables como \u201cViolento Parra\u201d, un cantautor ficticio que mezcla cr\u00edtica social con [&hellip;]<\/p>\n","protected":false},"author":10,"featured_media":0,"comment_status":"closed","ping_status":"closed","template":"","tags":[],"mec_category":[],"class_list":["post-23236","mec-events","type-mec-events","status-publish","hentry"],"acf":[],"_links":{"self":[{"href":"https:\/\/visitavina.munivina.cl\/br\/wp-json\/wp\/v2\/mec-events\/23236","targetHints":{"allow":["GET"]}}],"collection":[{"href":"https:\/\/visitavina.munivina.cl\/br\/wp-json\/wp\/v2\/mec-events"}],"about":[{"href":"https:\/\/visitavina.munivina.cl\/br\/wp-json\/wp\/v2\/types\/mec-events"}],"author":[{"embeddable":true,"href":"https:\/\/visitavina.munivina.cl\/br\/wp-json\/wp\/v2\/users\/10"}],"replies":[{"embeddable":true,"href":"https:\/\/visitavina.munivina.cl\/br\/wp-json\/wp\/v2\/comments?post=23236"}],"wp:attachment":[{"href":"https:\/\/visitavina.munivina.cl\/br\/wp-json\/wp\/v2\/media?parent=23236"}],"wp:term":[{"taxonomy":"post_tag","embeddable":true,"href":"https:\/\/visitavina.munivina.cl\/br\/wp-json\/wp\/v2\/tags?post=23236"},{"taxonomy":"mec_category","embeddable":true,"href":"https:\/\/visitavina.munivina.cl\/br\/wp-json\/wp\/v2\/mec_category?post=23236"}],"curies":[{"name":"wp","href":"https:\/\/api.w.org\/{rel}","templated":true}]}}