{"id":23770,"date":"2026-03-27T12:34:07","date_gmt":"2026-03-27T15:34:07","guid":{"rendered":"https:\/\/visitavina.munivina.cl\/?post_type=mec-events&#038;p=23770"},"modified":"2026-03-27T12:34:07","modified_gmt":"2026-03-27T15:34:07","slug":"taller-mis-objetos-mi-patrimonio-2","status":"publish","type":"mec-events","link":"https:\/\/visitavina.munivina.cl\/br\/actividad\/taller-mis-objetos-mi-patrimonio-2\/","title":{"rendered":"Taller | Mis objetos, mi patrimonio"},"content":{"rendered":"<p><span data-sheets-root=\"1\">En este taller se invita a vecinos y vecinas a conocer t\u00e9cnicas b\u00e1sicas de limpieza y cuidado de nuestros objetos preciados y vinculamos nuestra memoria con la historia de nuestras colecciones para finalmente montar una exposici\u00f3n con los objetos facilitados, mes de mayo, mes de los Patrimonios. Partiremos con un ejemplo motivacional de como limpiar un objeto. Interrogarnos sobre su importancia, la historia tras el objeto, qu\u00e9 me vincula a \u00e9l, por qu\u00e9 guard\u00f3 estas cosas.<br \/>\nCada participante trae su propio objeto personal.<br \/>\nCupos limitados (10 cupos)<br \/>\nAtividade gratuita.<\/span><\/p>\n<p><span data-sheets-root=\"1\">Inscripci\u00f3n y m\u00e1s informaci\u00f3n en Instagram | <a class=\"in-cell-link\" href=\"https:\/\/www.instagram.com\/museopalaciorioja\/\" target=\"_blank\" rel=\"noopener nofollow\">@museopalaciorioja<\/a><\/span><\/p>","protected":false},"excerpt":{"rendered":"<p>En este taller se invita a vecinos y vecinas a conocer t\u00e9cnicas b\u00e1sicas de limpieza y cuidado de nuestros objetos preciados y vinculamos nuestra memoria con la historia de nuestras colecciones para finalmente montar una exposici\u00f3n con los objetos facilitados, mes de mayo, mes de los Patrimonios. Partiremos con un ejemplo motivacional de como limpiar [&hellip;]<\/p>\n","protected":false},"author":10,"featured_media":0,"comment_status":"closed","ping_status":"closed","template":"","tags":[],"mec_category":[],"class_list":["post-23770","mec-events","type-mec-events","status-publish","hentry"],"acf":[],"_links":{"self":[{"href":"https:\/\/visitavina.munivina.cl\/br\/wp-json\/wp\/v2\/mec-events\/23770","targetHints":{"allow":["GET"]}}],"collection":[{"href":"https:\/\/visitavina.munivina.cl\/br\/wp-json\/wp\/v2\/mec-events"}],"about":[{"href":"https:\/\/visitavina.munivina.cl\/br\/wp-json\/wp\/v2\/types\/mec-events"}],"author":[{"embeddable":true,"href":"https:\/\/visitavina.munivina.cl\/br\/wp-json\/wp\/v2\/users\/10"}],"replies":[{"embeddable":true,"href":"https:\/\/visitavina.munivina.cl\/br\/wp-json\/wp\/v2\/comments?post=23770"}],"wp:attachment":[{"href":"https:\/\/visitavina.munivina.cl\/br\/wp-json\/wp\/v2\/media?parent=23770"}],"wp:term":[{"taxonomy":"post_tag","embeddable":true,"href":"https:\/\/visitavina.munivina.cl\/br\/wp-json\/wp\/v2\/tags?post=23770"},{"taxonomy":"mec_category","embeddable":true,"href":"https:\/\/visitavina.munivina.cl\/br\/wp-json\/wp\/v2\/mec_category?post=23770"}],"curies":[{"name":"wp","href":"https:\/\/api.w.org\/{rel}","templated":true}]}}