{"id":23793,"date":"2026-03-31T12:57:10","date_gmt":"2026-03-31T15:57:10","guid":{"rendered":"https:\/\/visitavina.munivina.cl\/?post_type=mec-events&#038;p=23793"},"modified":"2026-03-31T12:57:10","modified_gmt":"2026-03-31T15:57:10","slug":"presentacion-libro-historia-radical-en-chile","status":"publish","type":"mec-events","link":"https:\/\/visitavina.munivina.cl\/br\/actividad\/presentacion-libro-historia-radical-en-chile\/","title":{"rendered":"Presentaci\u00f3n libro | Historia Radical en Chile"},"content":{"rendered":"<p><span data-sheets-root=\"1\">Autor: Andr\u00e9s Sep\u00falveda Jim\u00e9nez<br \/>\nEl Radicalismo es la tradici\u00f3n pol\u00edtica m\u00e1s antigua que persiste en el actual panorama partidario. Su presencia a lo largo de tres siglos le ha otorgado la oportunidad de ser testigo -y en ocasiones protagonista- de las transformaciones pol\u00edtico-sociales m\u00e1s significativas de la rep\u00fablica. Esta colectividad, con m\u00e1s de ciento sesenta a\u00f1os de historia, ha experimentado en profundidad los altibajos de la pol\u00edtica, logrando en m\u00faltiples ocasiones el prestigio de dirigir el rumbo del pa\u00eds, en otras sobreviviendo al autoritarismo y la represi\u00f3n, y m\u00e1s recientemente, marcando un ag\u00f3nico paso sin un destino claro.<br \/>\nEste libro ofrece un recorrido hist\u00f3rico por las obras y objetivos m\u00e1s emblem\u00e1ticos que ha perseguido el Radicalismo a lo largo de su trayectoria, as\u00ed como un an\u00e1lisis de sus l\u00edderes m\u00e1s destacados e indelebles.<\/span><\/p>\n<p><span data-sheets-root=\"1\">M\u00e1s informaci\u00f3n en Instagram | <a class=\"in-cell-link\" href=\"https:\/\/www.instagram.com\/museopalaciovergara\" target=\"_blank\" rel=\"noopener nofollow\">@museopalaciovergara<\/a><\/span><\/p>","protected":false},"excerpt":{"rendered":"<p>Autor: Andr\u00e9s Sep\u00falveda Jim\u00e9nez El Radicalismo es la tradici\u00f3n pol\u00edtica m\u00e1s antigua que persiste en el actual panorama partidario. Su presencia a lo largo de tres siglos le ha otorgado la oportunidad de ser testigo -y en ocasiones protagonista- de las transformaciones pol\u00edtico-sociales m\u00e1s significativas de la rep\u00fablica. Esta colectividad, con m\u00e1s de ciento sesenta [&hellip;]<\/p>\n","protected":false},"author":10,"featured_media":0,"comment_status":"closed","ping_status":"closed","template":"","tags":[],"mec_category":[],"class_list":["post-23793","mec-events","type-mec-events","status-publish","hentry"],"acf":[],"_links":{"self":[{"href":"https:\/\/visitavina.munivina.cl\/br\/wp-json\/wp\/v2\/mec-events\/23793","targetHints":{"allow":["GET"]}}],"collection":[{"href":"https:\/\/visitavina.munivina.cl\/br\/wp-json\/wp\/v2\/mec-events"}],"about":[{"href":"https:\/\/visitavina.munivina.cl\/br\/wp-json\/wp\/v2\/types\/mec-events"}],"author":[{"embeddable":true,"href":"https:\/\/visitavina.munivina.cl\/br\/wp-json\/wp\/v2\/users\/10"}],"replies":[{"embeddable":true,"href":"https:\/\/visitavina.munivina.cl\/br\/wp-json\/wp\/v2\/comments?post=23793"}],"wp:attachment":[{"href":"https:\/\/visitavina.munivina.cl\/br\/wp-json\/wp\/v2\/media?parent=23793"}],"wp:term":[{"taxonomy":"post_tag","embeddable":true,"href":"https:\/\/visitavina.munivina.cl\/br\/wp-json\/wp\/v2\/tags?post=23793"},{"taxonomy":"mec_category","embeddable":true,"href":"https:\/\/visitavina.munivina.cl\/br\/wp-json\/wp\/v2\/mec_category?post=23793"}],"curies":[{"name":"wp","href":"https:\/\/api.w.org\/{rel}","templated":true}]}}