{"id":24696,"date":"2026-09-01T11:42:27","date_gmt":"2026-09-01T15:42:27","guid":{"rendered":"https:\/\/visitavina.munivina.cl\/?post_type=mec-events&#038;p=24696"},"modified":"2026-09-01T11:42:27","modified_gmt":"2026-09-01T15:42:27","slug":"ciclo-cine-de-autor-roberto-rossellini-alemania-ano-cero","status":"publish","type":"mec-events","link":"https:\/\/visitavina.munivina.cl\/br\/actividad\/ciclo-cine-de-autor-roberto-rossellini-alemania-ano-cero\/","title":{"rendered":"Ciclo Cine De Autor \/\/ Roberto Rossellini, &#8220;Alemania, a\u00f1o cero&#8221;"},"content":{"rendered":"<p><span data-sheets-root=\"1\">Pel\u00edcula: Alemania, a\u00f1o cero (1948)<br \/>\nEdmund, un ni\u00f1o de doce a\u00f1os, intenta sobrevivir a las duras condiciones de la postguerra alemana, especialmente en Berl\u00edn, una ciudad que ha quedado completamente derruida tras la Segunda Guerra Mundial.<br \/>\nActividad gratuita hasta completar el aforo<\/span>.<\/p>\n<p><span data-sheets-root=\"1\">M\u00e1s informaci\u00f3n en Instagram | <a class=\"in-cell-link\" href=\"https:\/\/www.instagram.com\/museopalaciorioja\/\" target=\"_blank\" rel=\"noopener nofollow\">@museopalaciorioja<\/a><\/span><\/p>","protected":false},"excerpt":{"rendered":"<p>Pel\u00edcula: Alemania, a\u00f1o cero (1948) Edmund, un ni\u00f1o de doce a\u00f1os, intenta sobrevivir a las duras condiciones de la postguerra alemana, especialmente en Berl\u00edn, una ciudad que ha quedado completamente derruida tras la Segunda Guerra Mundial. Actividad gratuita hasta completar el aforo. M\u00e1s informaci\u00f3n en Instagram | @museopalaciorioja<\/p>","protected":false},"author":20,"featured_media":0,"comment_status":"closed","ping_status":"closed","template":"","tags":[],"mec_category":[],"class_list":["post-24696","mec-events","type-mec-events","status-publish","hentry"],"acf":[],"_links":{"self":[{"href":"https:\/\/visitavina.munivina.cl\/br\/wp-json\/wp\/v2\/mec-events\/24696","targetHints":{"allow":["GET"]}}],"collection":[{"href":"https:\/\/visitavina.munivina.cl\/br\/wp-json\/wp\/v2\/mec-events"}],"about":[{"href":"https:\/\/visitavina.munivina.cl\/br\/wp-json\/wp\/v2\/types\/mec-events"}],"author":[{"embeddable":true,"href":"https:\/\/visitavina.munivina.cl\/br\/wp-json\/wp\/v2\/users\/20"}],"replies":[{"embeddable":true,"href":"https:\/\/visitavina.munivina.cl\/br\/wp-json\/wp\/v2\/comments?post=24696"}],"wp:attachment":[{"href":"https:\/\/visitavina.munivina.cl\/br\/wp-json\/wp\/v2\/media?parent=24696"}],"wp:term":[{"taxonomy":"post_tag","embeddable":true,"href":"https:\/\/visitavina.munivina.cl\/br\/wp-json\/wp\/v2\/tags?post=24696"},{"taxonomy":"mec_category","embeddable":true,"href":"https:\/\/visitavina.munivina.cl\/br\/wp-json\/wp\/v2\/mec_category?post=24696"}],"curies":[{"name":"wp","href":"https:\/\/api.w.org\/{rel}","templated":true}]}}