{"id":22323,"date":"2025-10-02T09:52:47","date_gmt":"2025-10-02T12:52:47","guid":{"rendered":"https:\/\/visitavina.munivina.cl\/?post_type=mec-events&#038;p=22323"},"modified":"2025-10-02T10:20:36","modified_gmt":"2025-10-02T13:20:36","slug":"concierto-vocal-el-renacimiento-de-la-primavera","status":"publish","type":"mec-events","link":"https:\/\/visitavina.munivina.cl\/en\/actividad\/concierto-vocal-el-renacimiento-de-la-primavera\/","title":{"rendered":"Concierto vocal | El renacimiento de la primavera"},"content":{"rendered":"<p style=\"text-align: justify;\"><span data-sheets-root=\"1\"><strong>Conjunto de madrigalistas de la Universidad de Playa Ancha y el Coro del Colegio Saint Lawrence de Quilpu\u00e9.<\/strong><br \/>\nEl Conjunto de Madrigalistas se fund\u00f3 en 1984 como una agrupaci\u00f3n de c\u00e1mara destinada a cultivar la m\u00fasica vocal especializada. Est\u00e1 integrado por estudiantes y exestudiantes de la carrera de Pedagog\u00eda en Educaci\u00f3n Musical de la Universidad de Playa Ancha, como tambi\u00e9n de otras instituciones de Educaci\u00f3n Superior tradicionales de la Regi\u00f3n de Valpara\u00edso. Su repertorio abarca esencialmente el renacimiento europeo y el barroco latinoamericano, hasta la m\u00fasica vocal del siglo XX.<\/span><\/p>\n<p>Free activity. <span data-sheets-root=\"1\">Inscripci\u00f3n en formulario en la bio de <a class=\"in-cell-link\" href=\"https:\/\/www.instagram.com\/museopalaciorioja\/\" target=\"_blank\" rel=\"noopener nofollow\">Instagram del Palacio Rioja<\/a><\/span><\/p>\n<p>&nbsp;<\/p>","protected":false},"excerpt":{"rendered":"<p>Conjunto de madrigalistas de la Universidad de Playa Ancha y el Coro del Colegio Saint Lawrence de Quilpu\u00e9. El Conjunto de Madrigalistas se fund\u00f3 en 1984 como una agrupaci\u00f3n de c\u00e1mara destinada a cultivar la m\u00fasica vocal especializada. Est\u00e1 integrado por estudiantes y exestudiantes de la carrera de Pedagog\u00eda en Educaci\u00f3n Musical de la Universidad [&hellip;]<\/p>\n","protected":false},"author":10,"featured_media":0,"comment_status":"closed","ping_status":"closed","template":"","tags":[],"mec_category":[],"class_list":["post-22323","mec-events","type-mec-events","status-publish","hentry"],"acf":[],"_links":{"self":[{"href":"https:\/\/visitavina.munivina.cl\/en\/wp-json\/wp\/v2\/mec-events\/22323","targetHints":{"allow":["GET"]}}],"collection":[{"href":"https:\/\/visitavina.munivina.cl\/en\/wp-json\/wp\/v2\/mec-events"}],"about":[{"href":"https:\/\/visitavina.munivina.cl\/en\/wp-json\/wp\/v2\/types\/mec-events"}],"author":[{"embeddable":true,"href":"https:\/\/visitavina.munivina.cl\/en\/wp-json\/wp\/v2\/users\/10"}],"replies":[{"embeddable":true,"href":"https:\/\/visitavina.munivina.cl\/en\/wp-json\/wp\/v2\/comments?post=22323"}],"wp:attachment":[{"href":"https:\/\/visitavina.munivina.cl\/en\/wp-json\/wp\/v2\/media?parent=22323"}],"wp:term":[{"taxonomy":"post_tag","embeddable":true,"href":"https:\/\/visitavina.munivina.cl\/en\/wp-json\/wp\/v2\/tags?post=22323"},{"taxonomy":"mec_category","embeddable":true,"href":"https:\/\/visitavina.munivina.cl\/en\/wp-json\/wp\/v2\/mec_category?post=22323"}],"curies":[{"name":"wp","href":"https:\/\/api.w.org\/{rel}","templated":true}]}}