{"id":22533,"date":"2025-11-03T11:22:10","date_gmt":"2025-11-03T14:22:10","guid":{"rendered":"https:\/\/visitavina.munivina.cl\/?post_type=mec-events&#038;p=22533"},"modified":"2025-11-03T11:22:10","modified_gmt":"2025-11-03T14:22:10","slug":"conversatorio-sobre-la-muestra-memoria-intima","status":"publish","type":"mec-events","link":"https:\/\/visitavina.munivina.cl\/en\/actividad\/conversatorio-sobre-la-muestra-memoria-intima\/","title":{"rendered":"Conversatorio | sobre la muestra Memoria \u00edntima"},"content":{"rendered":"<p><span data-sheets-root=\"1\">Conversatorio | sobre la muestra Memoria \u00edntima<br \/>\ncon Paulina Ar\u00e9valo, Cecilia Caffarena y Alejandra Moraga<\/span><br \/>\nLa muestra en s\u00ed, re\u00fane las obras de las mencionadas artistas egresadas de Maestr\u00edas de la Escuela Municipal de Bellas Artes de Vi\u00f1a del Mar, cuyas pr\u00e1cticas se entrelazan en torno a la relaci\u00f3n entre la memoria introspectiva y lo cotidiano, creando una representaci\u00f3n que transita entre lo figurativo y lo abstracto.<\/p>\n<p><span data-sheets-root=\"1\">Actividad gratuita. m\u00e1s informaci\u00f3n en Instagram @museopalaciorioja<\/span><\/p>","protected":false},"excerpt":{"rendered":"<p>Conversatorio | sobre la muestra Memoria \u00edntima con Paulina Ar\u00e9valo, Cecilia Caffarena y Alejandra Moraga La muestra en s\u00ed, re\u00fane las obras de las mencionadas artistas egresadas de Maestr\u00edas de la Escuela Municipal de Bellas Artes de Vi\u00f1a del Mar, cuyas pr\u00e1cticas se entrelazan en torno a la relaci\u00f3n entre la memoria introspectiva y lo [&hellip;]<\/p>\n","protected":false},"author":10,"featured_media":0,"comment_status":"closed","ping_status":"closed","template":"","tags":[],"mec_category":[],"class_list":["post-22533","mec-events","type-mec-events","status-publish","hentry"],"acf":[],"_links":{"self":[{"href":"https:\/\/visitavina.munivina.cl\/en\/wp-json\/wp\/v2\/mec-events\/22533","targetHints":{"allow":["GET"]}}],"collection":[{"href":"https:\/\/visitavina.munivina.cl\/en\/wp-json\/wp\/v2\/mec-events"}],"about":[{"href":"https:\/\/visitavina.munivina.cl\/en\/wp-json\/wp\/v2\/types\/mec-events"}],"author":[{"embeddable":true,"href":"https:\/\/visitavina.munivina.cl\/en\/wp-json\/wp\/v2\/users\/10"}],"replies":[{"embeddable":true,"href":"https:\/\/visitavina.munivina.cl\/en\/wp-json\/wp\/v2\/comments?post=22533"}],"wp:attachment":[{"href":"https:\/\/visitavina.munivina.cl\/en\/wp-json\/wp\/v2\/media?parent=22533"}],"wp:term":[{"taxonomy":"post_tag","embeddable":true,"href":"https:\/\/visitavina.munivina.cl\/en\/wp-json\/wp\/v2\/tags?post=22533"},{"taxonomy":"mec_category","embeddable":true,"href":"https:\/\/visitavina.munivina.cl\/en\/wp-json\/wp\/v2\/mec_category?post=22533"}],"curies":[{"name":"wp","href":"https:\/\/api.w.org\/{rel}","templated":true}]}}