{"id":22631,"date":"2025-11-18T12:06:57","date_gmt":"2025-11-18T15:06:57","guid":{"rendered":"https:\/\/visitavina.munivina.cl\/?post_type=mec-events&#038;p=22631"},"modified":"2025-11-18T12:06:57","modified_gmt":"2025-11-18T15:06:57","slug":"feria-del-vino-verano-2026","status":"publish","type":"mec-events","link":"https:\/\/visitavina.munivina.cl\/en\/actividad\/feria-del-vino-verano-2026\/","title":{"rendered":"Feria del vino | Verano 2026"},"content":{"rendered":"<p><span data-sheets-root=\"1\">Nuevos expositores, lanzamientos, sorteos y novedades, promete el evento que dar\u00e1 el vamos a las actividades del Verano 2026 en Vi\u00f1a del Mar.<br \/>\nVinos de peque\u00f1os productores, Vi\u00f1as Boutique, son los protagonistas de la Feria del vino, atendidos por sus propios due\u00f1os, nos cuentan su historia y proceso que hay detr\u00e1s de cada etiqueta.<\/span><\/p>\n<p><span data-sheets-root=\"1\"><a class=\"in-cell-link\" href=\"https:\/\/www.atrapalo.cl\/entradas\/feria-del-vino-verano-2026-enjoy-vina-del-mar_e4915502\/?fbclid=PAZXh0bgNhZW0CMTEAc3J0YwZhcHBfaWQMMjU2MjgxMDQwNTU4CGNhbGxzaXRlAjE1AAGnn1wYBXyoocp7ghDrL39QBw7uyNCt1SqUBRLkF4ElCjbjkPG-EDHpFFHRIcU_aem_SyXJnYi19iEZJPEXuP1Y6g\/\" target=\"_blank\" rel=\"noopener nofollow\">Venta de entradas en ATRAPALO<\/a><\/span><\/p>","protected":false},"excerpt":{"rendered":"<p>Nuevos expositores, lanzamientos, sorteos y novedades, promete el evento que dar\u00e1 el vamos a las actividades del Verano 2026 en Vi\u00f1a del Mar. Vinos de peque\u00f1os productores, Vi\u00f1as Boutique, son los protagonistas de la Feria del vino, atendidos por sus propios due\u00f1os, nos cuentan su historia y proceso que hay detr\u00e1s de cada etiqueta. Venta [&hellip;]<\/p>\n","protected":false},"author":10,"featured_media":0,"comment_status":"closed","ping_status":"closed","template":"","tags":[],"mec_category":[],"class_list":["post-22631","mec-events","type-mec-events","status-publish","hentry"],"acf":[],"_links":{"self":[{"href":"https:\/\/visitavina.munivina.cl\/en\/wp-json\/wp\/v2\/mec-events\/22631","targetHints":{"allow":["GET"]}}],"collection":[{"href":"https:\/\/visitavina.munivina.cl\/en\/wp-json\/wp\/v2\/mec-events"}],"about":[{"href":"https:\/\/visitavina.munivina.cl\/en\/wp-json\/wp\/v2\/types\/mec-events"}],"author":[{"embeddable":true,"href":"https:\/\/visitavina.munivina.cl\/en\/wp-json\/wp\/v2\/users\/10"}],"replies":[{"embeddable":true,"href":"https:\/\/visitavina.munivina.cl\/en\/wp-json\/wp\/v2\/comments?post=22631"}],"wp:attachment":[{"href":"https:\/\/visitavina.munivina.cl\/en\/wp-json\/wp\/v2\/media?parent=22631"}],"wp:term":[{"taxonomy":"post_tag","embeddable":true,"href":"https:\/\/visitavina.munivina.cl\/en\/wp-json\/wp\/v2\/tags?post=22631"},{"taxonomy":"mec_category","embeddable":true,"href":"https:\/\/visitavina.munivina.cl\/en\/wp-json\/wp\/v2\/mec_category?post=22631"}],"curies":[{"name":"wp","href":"https:\/\/api.w.org\/{rel}","templated":true}]}}