{"id":22668,"date":"2025-11-27T09:20:09","date_gmt":"2025-11-27T12:20:09","guid":{"rendered":"https:\/\/visitavina.munivina.cl\/?post_type=mec-events&#038;p=22668"},"modified":"2025-11-27T09:20:09","modified_gmt":"2025-11-27T12:20:09","slug":"festival-de-musica-festicrin","status":"publish","type":"mec-events","link":"https:\/\/visitavina.munivina.cl\/en\/actividad\/festival-de-musica-festicrin\/","title":{"rendered":"Festival de m\u00fasica | FestiCRIN"},"content":{"rendered":"<p><span data-sheets-root=\"1\">El festival de m\u00fasica para las infancias contin\u00faa su recorrido con una jornada llena de m\u00fasica en Museo Artequ\u00edn.<br \/>\nEsta jornada es financiada por el Fondo para el Fomento de la M\u00fasica Nacional, Convocatoria 2024, el Programa de Apoyo a Organizaciones Culturales Colaboradoras (PAOCC), y la Sociedad Chilena del Derecho de Autor (SCD); y cuenta con la colaboraci\u00f3n del Museo Artequin Vi\u00f1a del Mar y la Fundaci\u00f3n Tu Mundo es mi Mundo<br \/>\nJunto a las bandas Guaypesclub, Biodivertidos, Diana Reds and family for children Musicanciones y La cantarida<\/span><\/p>\n<p><span data-sheets-root=\"1\">Free activity<br \/>\n<\/span><\/p>","protected":false},"excerpt":{"rendered":"<p>El festival de m\u00fasica para las infancias contin\u00faa su recorrido con una jornada llena de m\u00fasica en Museo Artequ\u00edn. Esta jornada es financiada por el Fondo para el Fomento de la M\u00fasica Nacional, Convocatoria 2024, el Programa de Apoyo a Organizaciones Culturales Colaboradoras (PAOCC), y la Sociedad Chilena del Derecho de Autor (SCD); y cuenta [&hellip;]<\/p>\n","protected":false},"author":10,"featured_media":0,"comment_status":"closed","ping_status":"closed","template":"","tags":[],"mec_category":[],"class_list":["post-22668","mec-events","type-mec-events","status-publish","hentry"],"acf":[],"_links":{"self":[{"href":"https:\/\/visitavina.munivina.cl\/en\/wp-json\/wp\/v2\/mec-events\/22668","targetHints":{"allow":["GET"]}}],"collection":[{"href":"https:\/\/visitavina.munivina.cl\/en\/wp-json\/wp\/v2\/mec-events"}],"about":[{"href":"https:\/\/visitavina.munivina.cl\/en\/wp-json\/wp\/v2\/types\/mec-events"}],"author":[{"embeddable":true,"href":"https:\/\/visitavina.munivina.cl\/en\/wp-json\/wp\/v2\/users\/10"}],"replies":[{"embeddable":true,"href":"https:\/\/visitavina.munivina.cl\/en\/wp-json\/wp\/v2\/comments?post=22668"}],"wp:attachment":[{"href":"https:\/\/visitavina.munivina.cl\/en\/wp-json\/wp\/v2\/media?parent=22668"}],"wp:term":[{"taxonomy":"post_tag","embeddable":true,"href":"https:\/\/visitavina.munivina.cl\/en\/wp-json\/wp\/v2\/tags?post=22668"},{"taxonomy":"mec_category","embeddable":true,"href":"https:\/\/visitavina.munivina.cl\/en\/wp-json\/wp\/v2\/mec_category?post=22668"}],"curies":[{"name":"wp","href":"https:\/\/api.w.org\/{rel}","templated":true}]}}