{"id":22947,"date":"2026-01-20T09:55:31","date_gmt":"2026-01-20T12:55:31","guid":{"rendered":"https:\/\/visitavina.munivina.cl\/?post_type=mec-events&#038;p=22947"},"modified":"2026-02-04T09:35:42","modified_gmt":"2026-02-04T12:35:42","slug":"wine-and-the-sunset","status":"publish","type":"mec-events","link":"https:\/\/visitavina.munivina.cl\/en\/actividad\/wine-and-the-sunset\/","title":{"rendered":"Wine and the sunset"},"content":{"rendered":"<p><span data-sheets-root=\"1\"><span style=\"color: #000000;\">Una nueva edici\u00f3n de Wine and The Sunset en el Rooftop Novotel Vi\u00f1a del Mar, una experiencia que re\u00fane stands de vinos y otros proyectos ligados a la cultura del vino, con un formato de consumo mediante venta de copas y botellas.<\/span><br \/>\n<span style=\"color: #000000;\">Disfruta de degustaciones, gastronom\u00eda y cocteler\u00eda de autor a cargo de Novotel Vi\u00f1a del Mar, acompa\u00f1ado de DJ en vivo durante toda la jornada y un show de m\u00fasica en vivo en el peak del evento.<\/span><\/span><\/p>\n<p><span style=\"color: #000000;\">Con la entrada:<\/span><br \/>\n<span style=\"color: #000000;\">* Copa oficial Wine and The Sunset \u2013 Novotel<\/span><br \/>\n<span style=\"color: #000000;\">* Acceso a todas las \u00e1reas del evento<\/span><br \/>\n<span style=\"color: #000000;\">* Acceso a stands de vinos y proyectos<\/span><br \/>\n<span style=\"color: #000000;\">* DJ en vivo durante toda la jornada<\/span><br \/>\n<span style=\"color: #000000;\">* Show de m\u00fasica en vivo<\/span><br \/>\n<span style=\"color: #000000;\">* Participaci\u00f3n en Catas Ecosilence (inscripci\u00f3n previa \/ cupos limitados)<\/span><\/p>\n<p><span style=\"color: #000000;\">Highlights<\/span><br \/>\n<span style=\"color: #000000;\">* Stands de vinos y otros proyectos<\/span><br \/>\n<span style=\"color: #000000;\">* Venta de vinos por copa y botella<\/span><br \/>\n<span style=\"color: #000000;\">* Catas sensoriales Ecosilence (cupos limitados)<\/span><br \/>\n<span style=\"color: #000000;\">* Gastronom\u00eda oficial Novotel Vi\u00f1a del Mar<\/span><br \/>\n<span style=\"color: #000000;\">* Cocteler\u00eda Novotel Vi\u00f1a del Mar<\/span><br \/>\n<span style=\"color: #000000;\">* Stand oficial La \u00daltima Copa<\/span><br \/>\n<span style=\"color: #000000;\">* DJ en vivo<\/span><br \/>\n<span style=\"color: #000000;\">* Show de m\u00fasica en vivo<\/span><\/p>\n<p><span style=\"color: #000000;\">Informaci\u00f3n importante<\/span><br \/>\n<span style=\"color: #000000;\">* Evento para mayores de 18 a\u00f1os<\/span><br \/>\n<span style=\"color: #000000;\">* Cupos limitados<\/span><br \/>\n<span style=\"color: #000000;\">* Venta de copas, botellas, comida y cocteler\u00eda no incluida en la entrada<\/span><br \/>\n<span style=\"color: #000000;\">* Catas Ecosilence con inscripci\u00f3n previa<\/span><\/p>\n<p><span data-sheets-root=\"1\"><span style=\"color: #000000;\">M\u00e1s informaci\u00f3n en Instagram | <\/span><a class=\"in-cell-link\" href=\"https:\/\/www.instagram.com\/novotelvina\/\" target=\"_blank\" rel=\"noopener nofollow\"><strong><span style=\"color: #3366ff;\">@novotelvina<\/span><\/strong><\/a><\/span><\/p>\n<p><span data-sheets-root=\"1\"><span style=\"color: #000000;\">Venta de entradas | <\/span><a href=\"https:\/\/ticketplus.cl\/events\/wine-and-the-sunset-rooftop-novotel-vina-del-mar-13-02-2026\" rel=\"nofollow noopener\" target=\"_blank\"><strong><span style=\"color: #3366ff;\">TICKETPLUS<\/span><\/strong><\/a><\/span><\/p>","protected":false},"excerpt":{"rendered":"<p>Una nueva edici\u00f3n de Wine and The Sunset en el Rooftop Novotel Vi\u00f1a del Mar, una experiencia que re\u00fane stands de vinos y otros proyectos ligados a la cultura del vino, con un formato de consumo mediante venta de copas y botellas. Disfruta de degustaciones, gastronom\u00eda y cocteler\u00eda de autor a cargo de Novotel Vi\u00f1a [&hellip;]<\/p>\n","protected":false},"author":2,"featured_media":0,"comment_status":"closed","ping_status":"closed","template":"","tags":[],"mec_category":[],"class_list":["post-22947","mec-events","type-mec-events","status-publish","hentry"],"acf":[],"_links":{"self":[{"href":"https:\/\/visitavina.munivina.cl\/en\/wp-json\/wp\/v2\/mec-events\/22947","targetHints":{"allow":["GET"]}}],"collection":[{"href":"https:\/\/visitavina.munivina.cl\/en\/wp-json\/wp\/v2\/mec-events"}],"about":[{"href":"https:\/\/visitavina.munivina.cl\/en\/wp-json\/wp\/v2\/types\/mec-events"}],"author":[{"embeddable":true,"href":"https:\/\/visitavina.munivina.cl\/en\/wp-json\/wp\/v2\/users\/2"}],"replies":[{"embeddable":true,"href":"https:\/\/visitavina.munivina.cl\/en\/wp-json\/wp\/v2\/comments?post=22947"}],"wp:attachment":[{"href":"https:\/\/visitavina.munivina.cl\/en\/wp-json\/wp\/v2\/media?parent=22947"}],"wp:term":[{"taxonomy":"post_tag","embeddable":true,"href":"https:\/\/visitavina.munivina.cl\/en\/wp-json\/wp\/v2\/tags?post=22947"},{"taxonomy":"mec_category","embeddable":true,"href":"https:\/\/visitavina.munivina.cl\/en\/wp-json\/wp\/v2\/mec_category?post=22947"}],"curies":[{"name":"wp","href":"https:\/\/api.w.org\/{rel}","templated":true}]}}