{"id":22956,"date":"2026-01-20T14:50:50","date_gmt":"2026-01-20T17:50:50","guid":{"rendered":"https:\/\/visitavina.munivina.cl\/?post_type=mec-events&#038;p=22956"},"modified":"2026-01-20T14:50:50","modified_gmt":"2026-01-20T17:50:50","slug":"gimnasia-equipo-nacional-de-gimnasia-de-dinamarca","status":"publish","type":"mec-events","link":"https:\/\/visitavina.munivina.cl\/en\/actividad\/gimnasia-equipo-nacional-de-gimnasia-de-dinamarca\/","title":{"rendered":"Gimnasia | Equipo Nacional de Gimnasia de Dinamarca"},"content":{"rendered":"<p><span style=\"color: #000000;\" data-sheets-root=\"1\">Vi\u00f1a del Mar recibe un espect\u00e1culo de nivel mundial. Vi\u00f1a del Mar ser\u00e1 escenario de un evento \u00fanico con la visita del Equipo Nacional de Gimnasia de Dinamarca.<br \/>\nUna exhibici\u00f3n de alto nivel que combina fuerza, precisi\u00f3n y perfecta sincron\u00eda, reconocida internacionalmente por su energ\u00eda, t\u00e9cnica y sorprendente puesta en escena.<br \/>\nUn panorama imperdible para deportistas, familias y amantes de la gimnasia, que traer\u00e1 a nuestra ciudad una experiencia deportiva y art\u00edstica de clase internacional, en el coraz\u00f3n de Vi\u00f1a del Mar.<\/span><\/p>\n<p><span data-sheets-root=\"1\"><span style=\"color: #000000;\">M\u00e1s informaci\u00f3n en Instagram | <\/span><a class=\"in-cell-link\" href=\"https:\/\/www.instagram.com\/stories\/deportesvina\/\" target=\"_blank\" rel=\"noopener nofollow\"><strong><span style=\"color: #3366ff;\">@deportesvina<\/span><\/strong><\/a><\/span><\/p>\n<p><span data-sheets-root=\"1\"><span style=\"color: #000000;\">Venta de entradas | <\/span><a class=\"in-cell-link\" href=\"https:\/\/eventosespeciales.evently.cl\/Gala-Equipo-Nacional-de-Gimnasia-Danesa-21-01-2026\" target=\"_blank\" rel=\"noopener nofollow\"><strong><span style=\"color: #3366ff;\">EVENTLY<\/span><\/strong><\/a><\/span><\/p>","protected":false},"excerpt":{"rendered":"<p>Vi\u00f1a del Mar recibe un espect\u00e1culo de nivel mundial. Vi\u00f1a del Mar ser\u00e1 escenario de un evento \u00fanico con la visita del Equipo Nacional de Gimnasia de Dinamarca. Una exhibici\u00f3n de alto nivel que combina fuerza, precisi\u00f3n y perfecta sincron\u00eda, reconocida internacionalmente por su energ\u00eda, t\u00e9cnica y sorprendente puesta en escena. Un panorama imperdible para [&hellip;]<\/p>\n","protected":false},"author":2,"featured_media":0,"comment_status":"closed","ping_status":"closed","template":"","tags":[],"mec_category":[],"class_list":["post-22956","mec-events","type-mec-events","status-publish","hentry"],"acf":[],"_links":{"self":[{"href":"https:\/\/visitavina.munivina.cl\/en\/wp-json\/wp\/v2\/mec-events\/22956","targetHints":{"allow":["GET"]}}],"collection":[{"href":"https:\/\/visitavina.munivina.cl\/en\/wp-json\/wp\/v2\/mec-events"}],"about":[{"href":"https:\/\/visitavina.munivina.cl\/en\/wp-json\/wp\/v2\/types\/mec-events"}],"author":[{"embeddable":true,"href":"https:\/\/visitavina.munivina.cl\/en\/wp-json\/wp\/v2\/users\/2"}],"replies":[{"embeddable":true,"href":"https:\/\/visitavina.munivina.cl\/en\/wp-json\/wp\/v2\/comments?post=22956"}],"wp:attachment":[{"href":"https:\/\/visitavina.munivina.cl\/en\/wp-json\/wp\/v2\/media?parent=22956"}],"wp:term":[{"taxonomy":"post_tag","embeddable":true,"href":"https:\/\/visitavina.munivina.cl\/en\/wp-json\/wp\/v2\/tags?post=22956"},{"taxonomy":"mec_category","embeddable":true,"href":"https:\/\/visitavina.munivina.cl\/en\/wp-json\/wp\/v2\/mec_category?post=22956"}],"curies":[{"name":"wp","href":"https:\/\/api.w.org\/{rel}","templated":true}]}}