{"id":23949,"date":"2026-04-29T16:16:04","date_gmt":"2026-04-29T20:16:04","guid":{"rendered":"https:\/\/visitavina.munivina.cl\/?post_type=mec-events&#038;p=23949"},"modified":"2026-04-29T16:16:04","modified_gmt":"2026-04-29T20:16:04","slug":"talle-aprendices-instalacion-artistica","status":"publish","type":"mec-events","link":"https:\/\/visitavina.munivina.cl\/en\/actividad\/talle-aprendices-instalacion-artistica\/","title":{"rendered":"Talle Aprendices | Instalaci\u00f3n art\u00edstica"},"content":{"rendered":"<p><span data-sheets-root=\"1\">\u00a1A transformar el museo en una obra gigante!<br \/>\nEste fin de semana vivir\u00e1n una experiencia muy especial donde explorar\u00e1n el arte contempor\u00e1neo de una forma s\u00faper entretenida. Aprender\u00e1n que el arte no solo se mira\u2026 \u00a1tambi\u00e9n se vive con el cuerpo y las ideas!<br \/>\nJugaran con l\u00edneas, formas y recorridos, creando una instalaci\u00f3n art\u00edstica entre todos. Inspirados en artistas incre\u00edbles, usar\u00e1n tiza y cintas de colores para dibujar sus siluetas, se mover\u00e1n por el espacio y dejar\u00e1n\u00a0 huellas llenas de significado<br \/>\nReflexionaran sobre lo que crear\u00e1n y descubrir\u00e1n, que cada trazo puede contar una historia distinta. \u00a1El museo se llenar\u00e1 de caminos, cuerpos en movimiento y arte vivo!<br \/>\nVengan con sus familias y amistades a aprender jugando, descubrir el arte y dejar sus propias huellas en este hermoso espacio<\/span><\/p>\n<p>Dirigido a ni\u00f1os y ni\u00f1as entre 7 a 10 a\u00f1os de edad<br \/>\nM\u00e1s informaci\u00f3n en Instagram |@artequinvina<\/p>","protected":false},"excerpt":{"rendered":"<p>\u00a1A transformar el museo en una obra gigante! Este fin de semana vivir\u00e1n una experiencia muy especial donde explorar\u00e1n el arte contempor\u00e1neo de una forma s\u00faper entretenida. Aprender\u00e1n que el arte no solo se mira\u2026 \u00a1tambi\u00e9n se vive con el cuerpo y las ideas! Jugaran con l\u00edneas, formas y recorridos, creando una instalaci\u00f3n art\u00edstica entre [&hellip;]<\/p>\n","protected":false},"author":10,"featured_media":0,"comment_status":"closed","ping_status":"closed","template":"","tags":[],"mec_category":[],"class_list":["post-23949","mec-events","type-mec-events","status-publish","hentry"],"acf":[],"_links":{"self":[{"href":"https:\/\/visitavina.munivina.cl\/en\/wp-json\/wp\/v2\/mec-events\/23949","targetHints":{"allow":["GET"]}}],"collection":[{"href":"https:\/\/visitavina.munivina.cl\/en\/wp-json\/wp\/v2\/mec-events"}],"about":[{"href":"https:\/\/visitavina.munivina.cl\/en\/wp-json\/wp\/v2\/types\/mec-events"}],"author":[{"embeddable":true,"href":"https:\/\/visitavina.munivina.cl\/en\/wp-json\/wp\/v2\/users\/10"}],"replies":[{"embeddable":true,"href":"https:\/\/visitavina.munivina.cl\/en\/wp-json\/wp\/v2\/comments?post=23949"}],"wp:attachment":[{"href":"https:\/\/visitavina.munivina.cl\/en\/wp-json\/wp\/v2\/media?parent=23949"}],"wp:term":[{"taxonomy":"post_tag","embeddable":true,"href":"https:\/\/visitavina.munivina.cl\/en\/wp-json\/wp\/v2\/tags?post=23949"},{"taxonomy":"mec_category","embeddable":true,"href":"https:\/\/visitavina.munivina.cl\/en\/wp-json\/wp\/v2\/mec_category?post=23949"}],"curies":[{"name":"wp","href":"https:\/\/api.w.org\/{rel}","templated":true}]}}