{"id":24697,"date":"2026-09-01T11:43:26","date_gmt":"2026-09-01T15:43:26","guid":{"rendered":"https:\/\/visitavina.munivina.cl\/?post_type=mec-events&#038;p=24697"},"modified":"2026-09-01T11:43:26","modified_gmt":"2026-09-01T15:43:26","slug":"ciclo-formacion-de-publico-ficvina-3","status":"publish","type":"mec-events","link":"https:\/\/visitavina.munivina.cl\/en\/actividad\/ciclo-formacion-de-publico-ficvina-3\/","title":{"rendered":"Ciclo Formaci\u00f3n de P\u00fablico FICVI\u00d1A"},"content":{"rendered":"<p><span data-sheets-root=\"1\">\u201cMemoria del Subdesarrollo\u201d | (1968) | Dir. Tomas Guti\u00e9rrez (Cuba)<br \/>\nQue las contradicciones del burgu\u00e9s reflejan las de la sociedad dominada por la burgues\u00eda, lo demuestra esta amarga historia, que hubiera sido intrascendente si no hubiera ocurrido en los vertiginosos d\u00edas de la revoluci\u00f3n, cuando todas las contradicciones se pusieron al rojo vivo. La pel\u00edcula ofrece un mon\u00f3logo interior dirigido a la calle. Inspirada en la novela hom\u00f3nima de Edmundo Desnoes.<br \/>\nActividad gratuita hasta completar el aforo<\/span>.<\/p>\n<p><span data-sheets-root=\"1\">M\u00e1s informaci\u00f3n en Instagram | <a class=\"in-cell-link\" href=\"https:\/\/www.instagram.com\/museopalaciorioja\/\" target=\"_blank\" rel=\"noopener nofollow\">@museopalaciorioja<\/a><\/span><\/p>","protected":false},"excerpt":{"rendered":"<p>\u201cMemoria del Subdesarrollo\u201d | (1968) | Dir. Tomas Guti\u00e9rrez (Cuba) Que las contradicciones del burgu\u00e9s reflejan las de la sociedad dominada por la burgues\u00eda, lo demuestra esta amarga historia, que hubiera sido intrascendente si no hubiera ocurrido en los vertiginosos d\u00edas de la revoluci\u00f3n, cuando todas las contradicciones se pusieron al rojo vivo. La pel\u00edcula [&hellip;]<\/p>\n","protected":false},"author":20,"featured_media":0,"comment_status":"closed","ping_status":"closed","template":"","tags":[],"mec_category":[],"class_list":["post-24697","mec-events","type-mec-events","status-publish","hentry"],"acf":[],"_links":{"self":[{"href":"https:\/\/visitavina.munivina.cl\/en\/wp-json\/wp\/v2\/mec-events\/24697","targetHints":{"allow":["GET"]}}],"collection":[{"href":"https:\/\/visitavina.munivina.cl\/en\/wp-json\/wp\/v2\/mec-events"}],"about":[{"href":"https:\/\/visitavina.munivina.cl\/en\/wp-json\/wp\/v2\/types\/mec-events"}],"author":[{"embeddable":true,"href":"https:\/\/visitavina.munivina.cl\/en\/wp-json\/wp\/v2\/users\/20"}],"replies":[{"embeddable":true,"href":"https:\/\/visitavina.munivina.cl\/en\/wp-json\/wp\/v2\/comments?post=24697"}],"wp:attachment":[{"href":"https:\/\/visitavina.munivina.cl\/en\/wp-json\/wp\/v2\/media?parent=24697"}],"wp:term":[{"taxonomy":"post_tag","embeddable":true,"href":"https:\/\/visitavina.munivina.cl\/en\/wp-json\/wp\/v2\/tags?post=24697"},{"taxonomy":"mec_category","embeddable":true,"href":"https:\/\/visitavina.munivina.cl\/en\/wp-json\/wp\/v2\/mec_category?post=24697"}],"curies":[{"name":"wp","href":"https:\/\/api.w.org\/{rel}","templated":true}]}}