{"id":24699,"date":"2026-09-01T11:45:26","date_gmt":"2026-09-01T15:45:26","guid":{"rendered":"https:\/\/visitavina.munivina.cl\/?post_type=mec-events&#038;p=24699"},"modified":"2026-09-01T11:45:26","modified_gmt":"2026-09-01T15:45:26","slug":"documental-el-ultimo-viaje","status":"publish","type":"mec-events","link":"https:\/\/visitavina.munivina.cl\/en\/actividad\/documental-el-ultimo-viaje\/","title":{"rendered":"Documental \/\/ \u201cEl \u00daltimo Viaje\u201d"},"content":{"rendered":"<p><span data-sheets-root=\"1\">Documental \u201cEl \u00daltimo Viaje\u201d de Juan Ram\u00f3n Jim\u00e9nez<br \/>\nM\u00e1s de 50 a\u00f1os le tom\u00f3 a la familia del exprefecto de la Polic\u00eda de Investigaciones de la provincia de Valpara\u00edso, Juan Ram\u00f3n Bustos Marchant, desmentir la versi\u00f3n de la dictadura y demostrar que se trat\u00f3 de un homicidio y no un suicidio. A 15 a\u00f1os de su exhumaci\u00f3n y tras tres peritajes, el periplo cerr\u00f3 con una \u00faltima e \u00edntima ceremonia el pasado 18 de diciembre del 2024. \u00c9sta es su historia.<br \/>\nActividad gratuita hasta completar el aforo<\/span>.<\/p>\n<p><span data-sheets-root=\"1\">M\u00e1s informaci\u00f3n en Instagram | <a class=\"in-cell-link\" href=\"https:\/\/www.instagram.com\/museopalaciorioja\/\" target=\"_blank\" rel=\"noopener nofollow\">@museopalaciorioja<\/a><\/span><\/p>","protected":false},"excerpt":{"rendered":"<p>Documental \u201cEl \u00daltimo Viaje\u201d de Juan Ram\u00f3n Jim\u00e9nez M\u00e1s de 50 a\u00f1os le tom\u00f3 a la familia del exprefecto de la Polic\u00eda de Investigaciones de la provincia de Valpara\u00edso, Juan Ram\u00f3n Bustos Marchant, desmentir la versi\u00f3n de la dictadura y demostrar que se trat\u00f3 de un homicidio y no un suicidio. A 15 a\u00f1os de [&hellip;]<\/p>\n","protected":false},"author":20,"featured_media":0,"comment_status":"closed","ping_status":"closed","template":"","tags":[],"mec_category":[],"class_list":["post-24699","mec-events","type-mec-events","status-publish","hentry"],"acf":[],"_links":{"self":[{"href":"https:\/\/visitavina.munivina.cl\/en\/wp-json\/wp\/v2\/mec-events\/24699","targetHints":{"allow":["GET"]}}],"collection":[{"href":"https:\/\/visitavina.munivina.cl\/en\/wp-json\/wp\/v2\/mec-events"}],"about":[{"href":"https:\/\/visitavina.munivina.cl\/en\/wp-json\/wp\/v2\/types\/mec-events"}],"author":[{"embeddable":true,"href":"https:\/\/visitavina.munivina.cl\/en\/wp-json\/wp\/v2\/users\/20"}],"replies":[{"embeddable":true,"href":"https:\/\/visitavina.munivina.cl\/en\/wp-json\/wp\/v2\/comments?post=24699"}],"wp:attachment":[{"href":"https:\/\/visitavina.munivina.cl\/en\/wp-json\/wp\/v2\/media?parent=24699"}],"wp:term":[{"taxonomy":"post_tag","embeddable":true,"href":"https:\/\/visitavina.munivina.cl\/en\/wp-json\/wp\/v2\/tags?post=24699"},{"taxonomy":"mec_category","embeddable":true,"href":"https:\/\/visitavina.munivina.cl\/en\/wp-json\/wp\/v2\/mec_category?post=24699"}],"curies":[{"name":"wp","href":"https:\/\/api.w.org\/{rel}","templated":true}]}}